{"id":11,"date":"2021-07-26T14:56:19","date_gmt":"2021-07-26T14:56:19","guid":{"rendered":"http:\/\/serdarleblebici.com\/?page_id=11"},"modified":"2021-08-15T23:13:00","modified_gmt":"2021-08-15T20:13:00","slug":"serdar-leblebici","status":"publish","type":"page","link":"http:\/\/www.serdarleblebici.com\/?page_id=11","title":{"rendered":"B\u0130YOGRAF\u0130"},"content":{"rendered":"\n<div class=\"wp-block-image is-style-default\"><figure class=\"aligncenter size-large\"><img loading=\"lazy\" decoding=\"async\" width=\"1024\" height=\"680\" src=\"http:\/\/serdarleblebici.com\/wp-content\/uploads\/2021\/07\/Serdar-Leblebici-1024x680.jpg\" alt=\"\" class=\"wp-image-28\" srcset=\"http:\/\/www.serdarleblebici.com\/wp-content\/uploads\/2021\/07\/Serdar-Leblebici-1024x680.jpg 1024w, http:\/\/www.serdarleblebici.com\/wp-content\/uploads\/2021\/07\/Serdar-Leblebici-300x199.jpg 300w, http:\/\/www.serdarleblebici.com\/wp-content\/uploads\/2021\/07\/Serdar-Leblebici-768x510.jpg 768w, http:\/\/www.serdarleblebici.com\/wp-content\/uploads\/2021\/07\/Serdar-Leblebici-1536x1020.jpg 1536w, http:\/\/www.serdarleblebici.com\/wp-content\/uploads\/2021\/07\/Serdar-Leblebici-2048x1360.jpg 2048w\" sizes=\"auto, (max-width: 1024px) 100vw, 1024px\" \/><\/figure><\/div>\n\n\n\n<p>1961 y\u0131l\u0131nda \u0130zmir\u2019de do\u011fdu. 1984 y\u0131l\u0131nda Dokuz Eyl\u00fcl \u00dcniversitesi, G\u00fczel Sanatlar Fak\u00fcltesi, Tekstil Tasar\u0131m\u0131 Anasanat Dal\u0131\u2019ndan mezun oldu. Ressam Yavuz Se\u00e7kin ile \u00e7al\u0131\u015ft\u0131. Otuzbir ki\u015fisel sergisi vard\u0131r. Yurti\u00e7i ve yurtd\u0131\u015f\u0131nda, uluslararas\u0131 boyutu olan bir\u00e7ok karma ve grup sergisine kat\u0131lm\u0131\u015ft\u0131r. Soci\u00e9t\u00e9 Nationale des Beaux-Arts (SNBA), Paris&nbsp; ve Alarmart \u00fcyesidir. SNBA kurumu taraf\u0131ndan; 2006 y\u0131l\u0131nda, \u201cResim Dal\u0131nda Bronz Madalya\u201d, 2011 y\u0131l\u0131nda, \u201c20&#215;20\u201d Delegasyon sergisi ile \u201cG\u00fcm\u00fc\u015f Madalya\u201d, 2015 y\u0131l\u0131nda, \u201cSynergie \/ Sinerji\u201d Delegasyon sergisi ile \u201cAlt\u0131n Madalya\u201d 2013 Tunus\/ Monastir Uluslararas\u0131 Plastik Sanatlar Festivali\u2019nde ise \u201cResim Dal\u0131nda B\u00fcy\u00fck \u00d6d\u00fcl\u201d ile onurland\u0131r\u0131lm\u0131\u015ft\u0131r. T.C.D\u0131\u015fi\u015fleri Bakanl\u0131\u011f\u0131 b\u00fcnyesinde ger\u00e7ekle\u015ftirilen proje kapsam\u0131nda eserleri; Abuja (Nijerya) ve Ulan Bator (Mo\u011folistan) ba\u015fta olmak \u00fczere, T.C. B\u00fcy\u00fckel\u00e7ilik sanat eserleri koleksiyonlar\u0131na dahil edilmi\u015ftir. Sanat\u00e7\u0131, 2009-2019 y\u0131llar\u0131 aras\u0131nda Paris\u2019te, Galerie L\u2019Amour de L\u2019Art taraf\u0131ndan temsil edilmi\u015ftir. \u00c7al\u0131\u015fmalar\u0131n\u0131 \u0130zmir\u2019deki at\u00f6lyesinde s\u00fcrd\u00fcrmektedir.<\/p>\n\n\n\n<pre class=\"wp-block-preformatted chronology\"><strong>K\u0130\u015e\u0130SEL SERG\u0130LER<\/strong>\n\n1983  \u0130zmir T\u00fcrk-Amerikan Derne\u011fi\n1988  F\u00fczen Sanat Galerisi, \u0130zmir\n1989  F\u00fczen Sanat Galerisi, \u0130zmir\n1990  Yap\u0131 Kredi Beyo\u011flu Sanat Galerisi, \u0130stanbul\n1991  Yap\u0131 Kredi Mustafabey Sanat Galerisi, \u0130zmir\n1992  Levent Sanat Galerisi, \u0130stanbul\n1993  G\u00fczel Sanatlar Galerisi, Manisa\n1996  Artium Sungur Sanat Evi, \u0130stanbul\n1998  Yap\u0131 Kredi \u0130zmir Sanat Galerisi\n1998  8. \u0130stanbul Sanat Fuar\u0131, Artium Sungur Sanat Evi\n1999  Ba\u015fak Sigorta \u0130zmir Sanat Galerisi\n1999  Epsilon Sanat Galerisi, \u0130zmir\n2000  Karsu Tekstil Sanat Galerisi, \u0130stanbul\n2000  Magnesia Sanat Galerisi, S\u00f6ke\n2002  Karsu Tekstil Sanat Galerisi, \u0130stanbul\n2002  Turkuvaz Sanat Galerisi, Ankara\n2003  Art Shop, \u0130zmir\n2004  Turkuvaz Sanat Galerisi, Ankara\n2005  \u00c7at\u0131 Art Gallery, Ala\u00e7at\u0131-Izmir                                                                                                                                                                                                                                                                                                                                                                                                                                                                                                                                                                                     \n2006  6. Ankara Sanat Fuar\u0131, Art Shop\n2008  Mert Dostal K\u00fclt\u00fcr-Sanat, Istanbul\n2010  Terakki Vakf\u0131 Sanat Galerisi, \u0130stanbul\n2012  Galeri Soyut, Ankara\n2014  Galeri Soyut, Ankara\n2014  T.C. D\u0131\u015fi\u015fleri Bakanl\u0131\u011f\u0131, Suna \u00c7okg\u00fcr Il\u0131cak Sanat Galerisi, Ankara\n2014  Art Spice Gallery, Yeni Delhi-Hindistan\n2016  Galeri Soyut, Ankara\n2017  Art Shop, \u0130zmir\n2018  Ziraat Bankas\u0131 T\u00fcnel Sanat Galerisi, \u0130stanbul\n2018  Bisanthe Sanat ve Tasar\u0131m Galerisi, Tekirda\u011f\n\n<strong>KARMA VE GRUP SERG\u0130LER\u0130NDEN SE\u00c7K\u0130<\/strong>\n\n1997            Palm Beach Galleries, Florida-USA\n1999            Art Shop 9. \u0130stanbul Sanat Fuar\u0131\n2000            Frans\u0131z K\u00fclt\u00fcr Merkezi, Izmir\n2002            Galeri Biny\u0131l, \u0130stanbul\n2005            JMA Gallery, Viyana-Avusturya\n2004-2017   Soci\u00e9t\u00e9 Nationale des Beaux-Arts, Carrousel du Louvre, \u201cT\u00fcrkiye Delegasyonu\u201d, Paris\n2008            \u201cEge\u2019li Ustalar\u201d, Art Shop &amp; \u0130stanbul Modern Sanatlar Galerisi, \u0130stanbul\n2009            \u201c9 \u00c7a\u011fda\u015f\u201d Caelum Gallery, New York-USA\n2009            \u201cArtShow\u201909-Galeriler Bulu\u015fmas\u0131\u201d, Art Shop, Be\u015fikta\u015f \u00c7a\u011fda\u015f, \u0130stanbul\n2009            \u201c6 \u00c7a\u011fda\u015f\u201d Galerie Art\u2019est, Paris-Fransa\n2009-2019   Galerie L'Amour de L'Art, Paris (daimi sergileme)\n2010-2016   20 X 20 \u201ck\u00fc\u00e7\u00fck \u015feyler\u201d grup sergi projesi. Ankara, \u0130stanbul, \u0130zmir, Eski\u015fehir\n2010            \u201c7 \u00c7a\u011fda\u015f\u201d Art en Capital, Grand Palais, Paris\n2011            \u201c7 \u00c7a\u011fda\u015f\u201d Art en Capital, Grand Palais, Paris\n2012            \u201cUsta \u0130\u015fi\u201d karma sergi, Art Shop, \u0130zmir\n2012            \u201cSalonday\u0131z\u201d Galeri Soyut, Ankara\n2014            \u201c\u00e9cho\/yank\u0131\u201d Culture Inside Gallery, Luxembourg-Luxembourg\n2015            \u201cPasspoart 1\u201d Galeri Soyut, Ankara\n2015            \u201cinterseccion\/kesi\u015fme\u201d Grup Escola; Tarragona, Barcelona, Zaragoza, Lleida-\u0130spanya\n2015            \u201cSe\u00e7ki\u201d Portakal \u00c7i\u00e7e\u011fi Uluslararas\u0131 Plastik Sanatlar Kolonisi \n                    \u201cT\u00fcrkiye Cumhuriyet'in 92. kurulu\u015f y\u0131l\u0131 etkinli\u011fi\u201d T.C.Berlin B\u00fcy\u00fckel\u00e7ili\u011fi Sergi Salonu, Berlin-Almanya \n2016            \u201cPasspoart 2\u201d Port Art Gallery, Ankara\n2016            Karma Sergi, Artev Sanat Galerisi, \u0130stanbul\n2017            \u201cPasspoart 4\u201d Platform A Sanat Galerisi, Art Ankara\n2017            \u201cSalonday\u0131z \/ KareCarr\u00e9\u201d grup sergisi, GT Art&amp;Interiors, \u0130zmir\n2017            4. Uluslararas\u0131 \u0130zmir Sanat Bienali, E.\u00dc. Atat\u00fcrk K\u00fclt\u00fcr Merkezi, \u0130zmir\n2017            \u201cSanat\u0131n Mutfa\u011f\u0131\u201d KEV ad\u0131na sosyal sorumluluk projesi, Dibeklihan K\u00fclt\u00fcr ve Sanat K\u00f6y\u00fc, Bodrum \n2017            \u201c\u0130zlenimyorum Budape\u015fte\u201d Rakoczi M\u00fczesi, Tekirda\u011f\n2018            \u201cBabalar ve K\u0131zlar\u0131\u201d grup resim sergisi, GT Art&amp;Interiors, \u0130zmir\n2018            \u201cTortu\u201d projesi grup sergisi, Kavakl\u0131dere-Platform A, Ankara\n2018            \u201c A345\u201d Alarmart projesi, grup sergisi, Platform A, Ankara\n2018            \u201cDeus Ex Machine\u201d Sezer-Ali AK -Baret- Koleksiyonu, Cermodern, Ankara\n2019            \u201cAlarmart\u201d grup sergisi, Art Ankara\n2019             Galerija Sokolskega Doma \u00abAlarm Rings Twice\u00bb Alarmart projesi grup sergisi, Skofja Loka- Slovenya\n2020            \u201cMavi  Alarm\u201d Alarmart projesi, grup sergisi, 6th Art Ankara\n\n<strong>\u00d6D\u00dcLLER<\/strong>\n\n2006  Carrousel du Louvre, SNBA \u201csalon 2006\u201d uluslararas\u0131 g\u00fczel sanatlar sergisi\n          \u201cResim Dal\u0131nda Bronz Madalya\u201d, Paris\n2011  Carrousel du Louvre, SNBA \u201csalon 2011\u201d uluslararas\u0131 g\u00fczel sanatlar sergisi\n          \u201c20x20\u201d delegasyon sergisi \u201cG\u00fcm\u00fc\u015f Madalya\u201d, Paris\n2013  Monastir Uluslararas\u0131 Plastik Sanatlar Festivali \u201cResim Dal\u0131nda B\u00fcy\u00fck \u00d6d\u00fcl\u201d, Tunus\n2015  Carrousel du Louvre, SNBA \u201csalon 2015\u201d uluslararas\u0131 g\u00fczel sanatlar sergisi\n          \u201cSynergie \/ Sinerji\u201d delegasyon sergisi \u201cAlt\u0131n Madalya\u201d, Paris\n2016  Carrousel du Louvre, SNBA \u201csalon 2016\u201d uluslararas\u0131 g\u00fczel sanatlar sergisi\n          \u201cCarr\u00e9 \/ Kare\u201d  delegasyon sergisindeki resimleri \u201cAlt\u0131n Madalya\u201d, Paris\n2017  4. Uluslararas\u0131 \u0130zmir Sanat Bienali \u201cResim Dal\u0131nda B\u00fcy\u00fck \u00d6d\u00fcl\u201d, \u0130zmir\n<\/pre>\n\n\n\n<p><\/p>\n","protected":false},"excerpt":{"rendered":"<p>1961 y\u0131l\u0131nda \u0130zmir\u2019de do\u011fdu. 1984 y\u0131l\u0131nda Dokuz Eyl\u00fcl \u00dcniversitesi, G\u00fczel Sanatlar Fak\u00fcltesi, Tekstil Tasar\u0131m\u0131 Anasanat Dal\u0131\u2019ndan mezun oldu. Ressam Yavuz Se\u00e7kin ile \u00e7al\u0131\u015ft\u0131. Otuzbir ki\u015fisel sergisi vard\u0131r. Yurti\u00e7i ve yurtd\u0131\u015f\u0131nda, uluslararas\u0131 boyutu olan bir\u00e7ok karma ve grup sergisine kat\u0131lm\u0131\u015ft\u0131r. Soci\u00e9t\u00e9 Nationale des Beaux-Arts (SNBA), Paris&nbsp; ve Alarmart \u00fcyesidir. SNBA kurumu taraf\u0131ndan; 2006 y\u0131l\u0131nda, \u201cResim Dal\u0131nda&hellip;&nbsp;<a href=\"http:\/\/www.serdarleblebici.com\/?page_id=11\" class=\"\" rel=\"bookmark\">Daha fazlas\u0131n\u0131 oku &raquo;<span class=\"screen-reader-text\">B\u0130YOGRAF\u0130<\/span><\/a><\/p>\n","protected":false},"author":1,"featured_media":0,"parent":0,"menu_order":0,"comment_status":"closed","ping_status":"closed","template":"","meta":{"neve_meta_sidebar":"full-width","neve_meta_container":"contained","neve_meta_enable_content_width":"","neve_meta_content_width":0,"neve_meta_title_alignment":"","neve_meta_author_avatar":"","neve_post_elements_order":"","neve_meta_disable_header":"off","neve_meta_disable_footer":"","neve_meta_disable_title":"on","footnotes":""},"class_list":["post-11","page","type-page","status-publish","hentry"],"_links":{"self":[{"href":"http:\/\/www.serdarleblebici.com\/index.php?rest_route=\/wp\/v2\/pages\/11","targetHints":{"allow":["GET"]}}],"collection":[{"href":"http:\/\/www.serdarleblebici.com\/index.php?rest_route=\/wp\/v2\/pages"}],"about":[{"href":"http:\/\/www.serdarleblebici.com\/index.php?rest_route=\/wp\/v2\/types\/page"}],"author":[{"embeddable":true,"href":"http:\/\/www.serdarleblebici.com\/index.php?rest_route=\/wp\/v2\/users\/1"}],"replies":[{"embeddable":true,"href":"http:\/\/www.serdarleblebici.com\/index.php?rest_route=%2Fwp%2Fv2%2Fcomments&post=11"}],"version-history":[{"count":32,"href":"http:\/\/www.serdarleblebici.com\/index.php?rest_route=\/wp\/v2\/pages\/11\/revisions"}],"predecessor-version":[{"id":436,"href":"http:\/\/www.serdarleblebici.com\/index.php?rest_route=\/wp\/v2\/pages\/11\/revisions\/436"}],"wp:attachment":[{"href":"http:\/\/www.serdarleblebici.com\/index.php?rest_route=%2Fwp%2Fv2%2Fmedia&parent=11"}],"curies":[{"name":"wp","href":"https:\/\/api.w.org\/{rel}","templated":true}]}}